{"id":2,"date":"2010-05-03T22:01:18","date_gmt":"2010-05-03T22:01:18","guid":{"rendered":"http:\/\/www.forskolansture.se\/?page_id=2"},"modified":"2023-09-25T22:14:12","modified_gmt":"2023-09-25T20:14:12","slug":"about","status":"publish","type":"page","link":"https:\/\/www.forskolansture.se\/?page_id=2","title":{"rendered":"Om Sture"},"content":{"rendered":"<h4><a href=\"https:\/\/www.forskolansture.se\/?attachment_id=1380\" rel=\"attachment wp-att-1380\"><img loading=\"lazy\" class=\"aligncenter size-full wp-image-1380\" src=\"https:\/\/www.forskolansture.se\/wp-content\/uploads\/2020\/05\/foraldrakooperativet-sture-inomhus.jpg\" alt=\"\" width=\"1334\" height=\"953\" srcset=\"https:\/\/www.forskolansture.se\/wp-content\/uploads\/2020\/05\/foraldrakooperativet-sture-inomhus.jpg 1334w, https:\/\/www.forskolansture.se\/wp-content\/uploads\/2020\/05\/foraldrakooperativet-sture-inomhus-300x214.jpg 300w, https:\/\/www.forskolansture.se\/wp-content\/uploads\/2020\/05\/foraldrakooperativet-sture-inomhus-1024x732.jpg 1024w, https:\/\/www.forskolansture.se\/wp-content\/uploads\/2020\/05\/foraldrakooperativet-sture-inomhus-768x549.jpg 768w\" sizes=\"(max-width: 1334px) 100vw, 1334px\" \/><\/a><br \/>\nHistorik<\/h4>\n<p class=\"p1\">Sture startades 1989. Grundarna var en grupp f\u00f6r\u00e4ldrar i Stureby som valde att g\u00e5 samman och starta kooperativet, d\u00e4rav v\u00e5rt namn. Verksamheten hamnade i \u00d6rby, i de lokaler som vi \u00e4n idag befinner oss i. F\u00f6rskolan drevs med stort engagemang och v\u00e4rme av f\u00f6r\u00e4ldragruppen, viken \u00e4n idag lever kvar.<\/p>\n<h4>Vad inneb\u00e4r ett f\u00f6r\u00e4ldrakooperativ<\/h4>\n<p class=\"p1\">Sture \u00e4r ett f\u00f6r\u00e4ldrakooperativ, som drivs som en ekonomisk f\u00f6rening. Det inneb\u00e4r att det \u00e4r vi f\u00f6r\u00e4ldrar som gemensamt ansvarar f\u00f6r och \u00e4r med och styr verksamheten tillsammans med f\u00f6rskolechefen,\u00a0samt innehar arbetsgivaransvaret gentemot personalen. Styrningen sker genom f\u00f6rskolans styrelse. De flesta f\u00f6r\u00e4ldrar ing\u00e5r n\u00e5gon g\u00e5ng under sin tid p\u00e5 f\u00f6rskolan i styrelsen. Verksamhetsformen ger dig som f\u00f6r\u00e4lder stora m\u00f6jligheter att vara med och p\u00e5verka och f\u00e5 geh\u00f6r f\u00f6r fr\u00e5gor som ligger dig varmt om hj\u00e4rtat. I ett f\u00f6r\u00e4ldrakooperativ finns ett n\u00e4ra samarbete mellan f\u00f6r\u00e4ldrar och personal, vilket ger dig en stor insyn i den dagliga verksamheten p\u00e5 ett s\u00e4tt som kanske annars inte \u00e4r m\u00f6jlig.<\/p>\n<p class=\"p1\">Alla f\u00f6r\u00e4ldrar ing\u00e5r i arbetsgrupper som hj\u00e4lps \u00e5t att bl.a. fixa schema, k\u00f6pa presenter till personalen och anordna tr\u00e4dg\u00e5rdsdagar. De \u00e4r med och skapar en god gemenskap bland f\u00f6r\u00e4ldrarna och barnen.<\/p>\n<div><span style=\"color: #000000; font-family: arial, sans-serif;\"><b>Ansvar f\u00f6r\u00e4ldrakooperativ<\/b><\/span><\/div>\n<div>\n<p>V\u00e5rdnadshavare med barn p\u00e5 Sture blir medlemmar i v\u00e5r ekonomiska f\u00f6rening och det medf\u00f6r ansvar f\u00f6r att bidra med insatser i verksamheten, s\u00e5 som deltagande i styrelsen, tr\u00e4dg\u00e5rdsdagar samt n\u00e5gra st\u00e4dveckor per \u00e5r. Om man inte vill st\u00e4da sj\u00e4lv g\u00e5r det bra att anlita f\u00f6rskolans st\u00e4dfirma. F\u00f6rskolan har beviljats undantag fr\u00e5n \u00f6ppenhetskravet i skollagen, vilket inneb\u00e4r att deltagande fr\u00e5n v\u00e5rdnadshavare i dessa arbetsinsatser \u00e4r en f\u00f6ruts\u00e4ttning f\u00f6r att f\u00e5 inneha plats p\u00e5 f\u00f6rskolan.<\/p>\n<\/div>\n<h4 class=\"p1\">Personalen p\u00e5 Sture<\/h4>\n<p class=\"p1\">V\u00e5rt m\u00e5l \u00e4r att h\u00e5lla en h\u00f6g personalt\u00e4thet i barngruppen, f\u00f6r att ge utrymme f\u00f6r att m\u00f6ta varje barns behov, och f\u00f6r att kunna g\u00f6ra de sm\u00e5 \u201dextra\u201d sakerna i verksamheten. Vi har stora m\u00f6jligheter till utflykter och bes\u00f6ker n\u00e4rliggande parker, skog och bibliotek varje vecka. Personalgruppen best\u00e5r av fem pedagoger i barngruppen och en kock som lagar mat i v\u00e5rt k\u00f6k. F\u00f6rskolechefen har ansvar f\u00f6r det pedagogiska utvecklingsarbetet p\u00e5 f\u00f6rskolan. I f\u00f6rskolechefens roll ing\u00e5r ocks\u00e5 personalledning och visst budgetansvar. F\u00f6r oss p\u00e5 Sture \u00e4r det viktigt att personalen har stort inflytande p\u00e5 hur f\u00f6rskolan drivs och utvecklas.<\/p>\n<h4 class=\"p1\">Pedagogisk verksamhet<\/h4>\n<p class=\"p1\">F\u00f6rest\u00e5ndaren tillsammans med personalen ansvarar f\u00f6r den pedagogiska verksamheten p\u00e5 f\u00f6rskolan. Sture har ingen specifik pedagogisk inriktning, utan arbetar utifr\u00e5n l\u00e4roplanens m\u00e5l i traditionell pedagogik och plockar det b\u00e4sta fr\u00e5n olika inriktningar. Personalen utformar de dagliga rutinerna p\u00e5 Sture, och barnen delas in i olika aktivitetsgrupper utifr\u00e5n \u00e5ldrar, behov och intressen.<\/p>\n<h4 class=\"p1\">Maten p\u00e5 Sture<\/h4>\n<p class=\"p1\">Maten och m\u00e5ltiderna \u00e4r n\u00e5got som vi v\u00e4rderar h\u00f6gt p\u00e5 Sture. Maten p\u00e5 v\u00e5r f\u00f6rskola ska pr\u00e4glas av kvalitet, omsorg och variation. Vi har en kock som lagar mat i v\u00e5rt k\u00f6k. Det ger oss en unik m\u00f6jlighet att laga bra mat fr\u00e5n grunden. S\u00e5 l\u00e5ngt det \u00e4r m\u00f6jligt vill vi anv\u00e4nda ekologiska och KRAV-m\u00e4rkta r\u00e5varor i matlagningen. Fokus ligger p\u00e5 vegetarisk mat. P\u00e5 Sture serveras frukost kl. 08:00 varje morgon. Lunch serveras kl. 11:15 och eftermiddagsmellanm\u00e5l serveras kl. 14:00. V\u00e5r kock ansvarar f\u00f6r menyplanering, best\u00e4llning av varor, k\u00f6ksrutiner, hygien och egenkontroll.<\/p>\n<h4>V\u00e5rt m\u00e5l<\/h4>\n<p>V\u00e5rt m\u00e5l \u00e4r att driva en f\u00f6rskola med liten barngrupp, h\u00f6g personalt\u00e4thet och hemlagad mat. F\u00f6r n\u00e4rvarande har vi 21 barn i \u00e5ldrarna ett till\u00a0fem \u00e5r\u00a0samt fem anst\u00e4llda.<\/p>\n","protected":false},"excerpt":{"rendered":"<p>Historik Sture startades 1989. Grundarna var en grupp f\u00f6r\u00e4ldrar i Stureby som valde att g\u00e5 samman och starta kooperativet, d\u00e4rav v\u00e5rt namn. Verksamheten hamnade i \u00d6rby, i de lokaler som vi \u00e4n idag befinner oss i. F\u00f6rskolan drevs med stort engagemang och v\u00e4rme av f\u00f6r\u00e4ldragruppen, viken \u00e4n idag lever kvar. Vad inneb\u00e4r ett f\u00f6r\u00e4ldrakooperativ Sture &hellip; <a href=\"https:\/\/www.forskolansture.se\/?page_id=2\" class=\"more-link\">Continue reading <span class=\"screen-reader-text\">Om Sture<\/span><\/a><\/p>\n","protected":false},"author":1,"featured_media":0,"parent":0,"menu_order":2,"comment_status":"closed","ping_status":"closed","template":"","meta":[],"featured_image_urls":{"full":"","thumbnail":"","medium":"","medium_large":"","large":"","1536x1536":"","2048x2048":"","post-thumbnail":""},"post_excerpt_stackable":"<p>Historik Sture startades 1989. Grundarna var en grupp f\u00f6r\u00e4ldrar i Stureby som valde att g\u00e5 samman och starta kooperativet, d\u00e4rav v\u00e5rt namn. Verksamheten hamnade i \u00d6rby, i de lokaler som vi \u00e4n idag befinner oss i. F\u00f6rskolan drevs med stort engagemang och v\u00e4rme av f\u00f6r\u00e4ldragruppen, viken \u00e4n idag lever kvar. Vad inneb\u00e4r ett f\u00f6r\u00e4ldrakooperativ Sture \u00e4r ett f\u00f6r\u00e4ldrakooperativ, som drivs som en ekonomisk f\u00f6rening. Det inneb\u00e4r att det \u00e4r vi f\u00f6r\u00e4ldrar som gemensamt ansvarar f\u00f6r och \u00e4r med och styr verksamheten tillsammans med f\u00f6rskolechefen,\u00a0samt innehar arbetsgivaransvaret gentemot personalen. Styrningen sker genom f\u00f6rskolans styrelse. De flesta f\u00f6r\u00e4ldrar ing\u00e5r n\u00e5gon g\u00e5ng under&hellip;<\/p>\n","category_list":"","author_info":{"name":"admin","url":"https:\/\/www.forskolansture.se\/?author=1"},"comments_num":"0 comments","_links":{"self":[{"href":"https:\/\/www.forskolansture.se\/index.php?rest_route=\/wp\/v2\/pages\/2"}],"collection":[{"href":"https:\/\/www.forskolansture.se\/index.php?rest_route=\/wp\/v2\/pages"}],"about":[{"href":"https:\/\/www.forskolansture.se\/index.php?rest_route=\/wp\/v2\/types\/page"}],"author":[{"embeddable":true,"href":"https:\/\/www.forskolansture.se\/index.php?rest_route=\/wp\/v2\/users\/1"}],"replies":[{"embeddable":true,"href":"https:\/\/www.forskolansture.se\/index.php?rest_route=%2Fwp%2Fv2%2Fcomments&post=2"}],"version-history":[{"count":52,"href":"https:\/\/www.forskolansture.se\/index.php?rest_route=\/wp\/v2\/pages\/2\/revisions"}],"predecessor-version":[{"id":1509,"href":"https:\/\/www.forskolansture.se\/index.php?rest_route=\/wp\/v2\/pages\/2\/revisions\/1509"}],"wp:attachment":[{"href":"https:\/\/www.forskolansture.se\/index.php?rest_route=%2Fwp%2Fv2%2Fmedia&parent=2"}],"curies":[{"name":"wp","href":"https:\/\/api.w.org\/{rel}","templated":true}]}}